{"id":370,"date":"2024-01-22T19:25:37","date_gmt":"2024-01-22T19:25:37","guid":{"rendered":"http:\/\/vivianbardavid.com\/?page_id=370"},"modified":"2024-11-15T01:38:46","modified_gmt":"2024-11-15T01:38:46","slug":"maria-de-jesus-fernandez","status":"publish","type":"page","link":"http:\/\/vivianbardavid.com\/?page_id=370","title":{"rendered":"Mar\u00eda de Jes\u00fas Fern\u00e1ndez"},"content":{"rendered":"\n<div class=\"wp-block-group alignfull has-background has-global-padding is-layout-constrained wp-container-core-group-is-layout-1389314f wp-block-group-is-layout-constrained\" style=\"background-color:#f4f4fd;min-height:100vh;margin-top:0;margin-bottom:0;padding-top:var(--wp--preset--spacing--40);padding-right:var(--wp--preset--spacing--50);padding-bottom:var(--wp--preset--spacing--40);padding-left:var(--wp--preset--spacing--50)\">\n<div class=\"wp-block-group has-global-padding is-layout-constrained wp-container-core-group-is-layout-fc54cf0f wp-block-group-is-layout-constrained\">\n<h2 class=\"wp-block-heading has-text-align-center has-text-color has-link-color wp-elements-3b4585310459b3fd9c8ba70f05e5a295\" style=\"color:#8d85ae\">Mar\u00eda de Jes\u00fas Fern\u00e1ndez Calder\u00f3n<\/h2>\n\n\n\n<div style=\"height:28px\" aria-hidden=\"true\" class=\"wp-block-spacer\"><\/div>\n\n\n\n<p class=\"has-text-align-center\">Mi \u00e1ngel de la guarda<\/p>\n\n\n\n<p>Hace 20 a\u00f1os Dios me dio el privilegio de conocer a uno de mis \u00e1ngeles de la guarda, porque la Lic. Vivi, como le dec\u00eda de cari\u00f1o, lo fue y lo seguir\u00e1 siendo para m\u00ed.<\/p>\n\n\n\n<p>Desde aquel entonces estuvimos en contacto a trav\u00e9s del tel\u00e9fono, nuestros mensajes y llamadas casi diarias fueron suficientes para conocerla profundamente porque era una persona transparente y con una calidez humana inigualable.<\/p>\n\n\n\n<p>La primera vez que la vi en persona, vi su mirada llena de ternura que reflejaba todo el amor que ten\u00eda para dar. Su semblante daba cuenta de que realmente era un \u00e1ngel y sus acciones lo confirmaban; pues lograba ver siempre las virtudes de los dem\u00e1s y las reconoc\u00eda, y ha sido la persona m\u00e1s caritativa que he conocido; su misi\u00f3n era ayudar a todos los que pod\u00eda y siempre buscaba o creaba nuevas formas de hacer m\u00e1s por los dem\u00e1s.<\/p>\n\n\n\n<p>Su amor iba desde una maravillosa sonrisa, un &#8220;c\u00f3mo est\u00e1s&#8221;, y miles de deseos genuinos de ver bien a los dem\u00e1s. En mi caso particular, siempre estaba al pendiente de m\u00ed, de mi salud, de mis emociones, de mi bienestar en general. Cuando ten\u00eda alguna necesidad o urgencia, siempre estuvo para m\u00ed incondicionalmente; me ayudaba con palabras de aliento y hasta econ\u00f3micamente para cubrir algunas necesidades m\u00edas y de mi mam\u00e1.<\/p>\n\n\n\n<p>Ya la extra\u00f1o tanto, ya extra\u00f1o su voz dulce que me hac\u00eda sentir protegida y que me transmit\u00eda mucha paz.<\/p>\n\n\n\n<p>La Lic. Vivi fue un ser extraordinario, fue mi \u00e1ngel de la guarda para m\u00ed y para muchos otros y estoy segura que desde donde est\u00e1 nos seguir\u00e1 cuidando y ayudando.<\/p>\n\n\n\n<p>Siempre en mi coraz\u00f3n.<\/p>\n\n\n\n<p>Mar\u00eda de Jes\u00fas Fern\u00e1ndez Calder\u00f3n<\/p>\n\n\n\n<p>Grupo Corintio<\/p>\n<\/div>\n<\/div>\n","protected":false},"excerpt":{"rendered":"<p>Mar\u00eda de Jes\u00fas Fern\u00e1ndez Calder\u00f3n Mi \u00e1ngel de la guarda Hace 20 a\u00f1os Dios me dio el privilegio de conocer a uno de mis \u00e1ngeles de la guarda, porque la Lic. Vivi, como le dec\u00eda de cari\u00f1o, lo fue y lo seguir\u00e1 siendo para m\u00ed. Desde aquel entonces estuvimos en contacto a trav\u00e9s del tel\u00e9fono, [&hellip;]<\/p>\n","protected":false},"author":1,"featured_media":0,"parent":0,"menu_order":0,"comment_status":"closed","ping_status":"closed","template":"","meta":{"footnotes":""},"class_list":["post-370","page","type-page","status-publish","hentry"],"_links":{"self":[{"href":"http:\/\/vivianbardavid.com\/index.php?rest_route=\/wp\/v2\/pages\/370","targetHints":{"allow":["GET"]}}],"collection":[{"href":"http:\/\/vivianbardavid.com\/index.php?rest_route=\/wp\/v2\/pages"}],"about":[{"href":"http:\/\/vivianbardavid.com\/index.php?rest_route=\/wp\/v2\/types\/page"}],"author":[{"embeddable":true,"href":"http:\/\/vivianbardavid.com\/index.php?rest_route=\/wp\/v2\/users\/1"}],"replies":[{"embeddable":true,"href":"http:\/\/vivianbardavid.com\/index.php?rest_route=%2Fwp%2Fv2%2Fcomments&post=370"}],"version-history":[{"count":2,"href":"http:\/\/vivianbardavid.com\/index.php?rest_route=\/wp\/v2\/pages\/370\/revisions"}],"predecessor-version":[{"id":826,"href":"http:\/\/vivianbardavid.com\/index.php?rest_route=\/wp\/v2\/pages\/370\/revisions\/826"}],"wp:attachment":[{"href":"http:\/\/vivianbardavid.com\/index.php?rest_route=%2Fwp%2Fv2%2Fmedia&parent=370"}],"curies":[{"name":"wp","href":"https:\/\/api.w.org\/{rel}","templated":true}]}}